{"id":78449,"date":"2026-03-13T08:40:39","date_gmt":"2026-03-13T07:40:39","guid":{"rendered":"https:\/\/colegiolourdes.es\/?page_id=78449"},"modified":"2026-03-14T18:16:36","modified_gmt":"2026-03-14T17:16:36","slug":"admision-2026-27","status":"publish","type":"page","link":"https:\/\/colegiolourdes.es\/index.php\/admision-2026-27\/","title":{"rendered":"Admisi\u00f3n 2026-27"},"content":{"rendered":"<div class=\"brz-root__container brz-reset-all brz brz-root__container-page\">\n<section id=\"b51445e0fb5bbdc38199_yebhzrrimqxmddpygfjmxeqkygpwcsixrajv\" class=\"brz-section brz-css-1dknfyd\">\n<div class=\"brz-section__content brz-section--boxed brz-css-96ygxu brz-css-uv538n\" data-brz-custom-id=\"nwlzzhjauknquigpnldoayujqvtnagdupnjd\">\n<div class=\"brz-container brz-css-r7skzh\">\n<div id=\"\" class=\"brz-css-1mcacz brz-css-1uyyn5a brz-wrapper\">\n<div class=\"brz-rich-text brz-rich-text__custom brz-css-1lbb7qk\" data-brz-custom-id=\"ojlrsargwassnjbzehtropvnbgnwgrrjbndg\">\n<div data-brz-translate-text=\"1\">\n<p class=\"brz-text-lg-center brz-tp-sm-empty brz-lh-sm-1_2 brz-ls-sm-m_1 brz-fw-sm-700 brz-fss-sm-px brz-fs-sm-60 brz-bcp-color7 brz-fss-lg-px brz-fw-lg-700 brz-ls-lg-m_1_5 brz-lh-lg-1_3 brz-tp-lg-empty brz-ff-overpass brz-ft-google brz-fs-lg-60 brz-fss-xs-px brz-fw-xs-700 brz-ls-xs-m_1 brz-lh-xs-1_3 brz-tp-xs-empty brz-fs-xs-30 brz-css-i_hpo\" data-generated-css=\"brz-css-gDVvg\" data-uniq-id=\"oWJ8e\"><span class=\"brz-cp-color1\" style=\"opacity: 0.7;\">Admisiones 2026-2027<\/span><\/p>\n<\/div>\n<\/div>\n<\/div>\n<\/div>\n<\/div>\n<\/section>\n<section id=\"347825ed6076f9e5576a_wrjxspbmigqbyyiouswbtgrzkcyedqskzujf\" class=\"brz-section brz-css-1dknfyd brz-css-1skk6fu\">\n<div class=\"brz-section__content brz-section--boxed brz-css-96ygxu brz-css-hyj2co\" data-brz-custom-id=\"oycpgmlgnpbnlvdulmlbrnqrxntwbolkzfmw\">\n<div class=\"brz-bg\">\n<div class=\"brz-bg-image\"><\/div>\n<div class=\"brz-bg-color\"><\/div>\n<\/div>\n<div class=\"brz-container brz-css-r7skzh\">\n<div id=\"\" class=\"brz-css-1mcacz brz-wrapper\">\n<div class=\"brz-rich-text brz-rich-text__custom brz-css-1lbb7qk\" data-brz-custom-id=\"wuidfyxfhsnndeinckttywrplxtlyitdoacj\">\n<div data-brz-translate-text=\"1\">\n<p class=\"brz-text-lg-center brz-fs-xs-22 brz-tp-xs-empty brz-lh-xs-1_9 brz-ls-xs-0 brz-fw-xs-400 brz-fss-xs-px brz-tp-lg-empty brz-lh-lg-1_9 brz-ls-lg-0 brz-fw-lg-400 brz-fss-lg-px brz-fs-lg-30 brz-ft-upload brz-ff-wzboxjsqgqhchaabqhhwkjnsysfnjiaknuki brz-css-e5Nwy\" data-uniq-id=\"esbcb\" data-generated-css=\"brz-css-pchvq\"><strong class=\"brz-cp-color1\">Etapas concertadas y subvencionadas<\/strong><\/p>\n<\/div>\n<\/div>\n<\/div>\n<div id=\"\" class=\"brz-css-1mcacz brz-css-1g5d5yk brz-wrapper\">\n<div class=\"brz-line brz-line-default brz-css-1wbzs8b brz-css-1pg8u58\" data-brz-custom-id=\"ohnbvbzjmozkrcquoegfjjechdfvxyjxxpsu\">\n<hr class=\"brz-hr\"><\/div>\n<\/div>\n<div class=\"brz-row__container brz-css-1erj74v\" data-brz-custom-id=\"oeytvrfmhwalnwgsnbhigdoxwvjlbvwongzj\">\n<div class=\"brz-bg\"><\/div>\n<div class=\"brz-row brz-css-pbroa7 brz-css-gtcia2\">\n<div data-brz-iteration-count=\"1\" class=\"brz-columns brz-css-7k44ff brz-css-1fj2cyq brz-animated brz-css-1dc0cg3 brz-css-1gnl1g2\" data-brz-custom-id=\"rdqyzinvsmblskzgrkbdvurlgkvuldvjyjil\">\n<div class=\"brz-bg\">\n<div class=\"brz-bg-color\"><\/div>\n<\/div>\n<div class=\"brz-column__items brz-css-jhpt7v brz-css-3tj0eg\">\n<div id=\"\" class=\"brz-css-1mcacz brz-css-11f3qqw brz-wrapper\">\n<div class=\"brz-rich-text brz-rich-text__custom brz-css-1lbb7qk\" data-brz-custom-id=\"wxkmhcrcmyqoockizfqtjboalowzleukthzf\">\n<div data-brz-translate-text=\"1\">\n<p class=\"brz-lh-lg-1_4 brz-ls-lg-0 brz-fw-lg-400 brz-fss-lg-px brz-fs-lg-22 brz-ft-upload brz-ff-wzboxjsqgqhchaabqhhwkjnsysfnjiaknuki brz-tp-lg-empty brz-text-lg-center brz-fs-xs-18 brz-fss-xs-px brz-fw-xs-400 brz-ls-xs-0 brz-lh-xs-1_9 brz-tp-xs-empty brz-css-t6XsZ\" data-generated-css=\"brz-css-zaeW4\" data-uniq-id=\"csAjj\"><strong class=\"brz-cp-color3\">Primer Ciclo de Infantil: 0, 1 y 2 a\u00f1os. <\/strong><\/p>\n<p class=\"brz-lh-lg-1_4 brz-ls-lg-0 brz-fw-lg-400 brz-fss-lg-px brz-fs-lg-22 brz-ft-upload brz-ff-wzboxjsqgqhchaabqhhwkjnsysfnjiaknuki brz-tp-lg-empty brz-text-lg-center brz-fs-xs-18 brz-fss-xs-px brz-fw-xs-400 brz-ls-xs-0 brz-lh-xs-1_9 brz-tp-xs-empty brz-css-fd5uB\" data-generated-css=\"brz-css-cW8vz\" data-uniq-id=\"z3Pi8\"><strong class=\"brz-cp-color3\">Segundo Ciclo de Infantil: de 3 a 6 a\u00f1os.<\/strong><\/p>\n<p class=\"brz-lh-lg-1_4 brz-ls-lg-0 brz-fw-lg-400 brz-fss-lg-px brz-fs-lg-22 brz-ft-upload brz-ff-wzboxjsqgqhchaabqhhwkjnsysfnjiaknuki brz-tp-lg-empty brz-text-lg-center brz-fs-xs-18 brz-fss-xs-px brz-fw-xs-400 brz-ls-xs-0 brz-lh-xs-1_9 brz-tp-xs-empty brz-css-mplzp\" data-generated-css=\"brz-css-g_P4o\" data-uniq-id=\"lhl2s\"><strong class=\"brz-cp-color3\">Educaci\u00f3n Primaria y Educaci\u00f3n Secundaria.<\/strong><\/p>\n<p class=\"brz-tp-lg-paragraph brz-text-lg-justify brz-css-hmG2A\" data-generated-css=\"brz-css-dB4Qc\" data-uniq-id=\"ffY8D\"><span class=\"brz-cp-color3\"> <\/span><\/p>\n<p class=\"brz-text-lg-justify brz-bcp-color3 brz-tp-lg-paragraph brz-css-lrNFL\" data-generated-css=\"brz-css-eTIyc\" data-uniq-id=\"h9zNK\"><strong class=\"brz-cp-color3\">Calendario de presentaci\u00f3n de solicitudes: <\/strong><\/p>\n<ul>\n<li class=\"brz-bcp-color8 brz-tp-lg-paragraph brz-css-b25Vi\" data-generated-css=\"brz-css-f4_wq\" data-uniq-id=\"tFu8D\"><span class=\"brz-cp-color8\">Del <\/span><strong class=\"brz-cp-color3\">17 de marzo <\/strong><strong class=\"brz-cp-color8\" style=\"color: rgba(var(--brz-global-color8),1);\">a las 9:00 h. <\/strong><strong class=\"brz-cp-color3\"> al 8 de abril <\/strong><strong class=\"brz-cp-color8\"> a las 14:00 h<\/strong><span class=\"brz-cp-color8\">. estar\u00e1 abierto el periodo para solicitar plaza para el pr\u00f3ximo curso escolar (2026-27)<\/span><\/li>\n<li class=\"brz-bcp-color8 brz-tp-lg-empty brz-ff-wzboxjsqgqhchaabqhhwkjnsysfnjiaknuki brz-ft-upload brz-fs-lg-16 brz-fss-lg-px brz-fw-lg-400 brz-ls-lg-0 brz-lh-lg-1_9 brz-vfw-lg-400 brz-fwdth-lg-100 brz-fsft-lg-0 brz-css-dtIFe\" data-uniq-id=\"mcTOz\" data-generated-css=\"brz-css-nrsFF\"><span class=\"brz-cp-color8\">Los impresos se descargar\u00e1n desde la p\u00e1gina web de la Consejer\u00eda de Educaci\u00f3n, o pinchando <\/span><a class=\"link--external brz-cp-color3 brz-bold-true\" style=\"color: rgba(var(--brz-global-color3),1);\" href=\"https:\/\/aplicaciones.educa.jcyl.es\/AEDO\/login\/1079_619;JSESSIONID=002ac543-cc88-49f5-b69e-cbe5ddd9f0af\" data-brz-link-type=\"external\" target=\"_blank\"><strong>AQU\u00cd<\/strong><\/a><\/li>\n<li class=\"brz-fsft-lg-0 brz-fwdth-lg-100 brz-vfw-lg-400 brz-lh-lg-1_9 brz-ls-lg-0 brz-fw-lg-400 brz-fss-lg-px brz-fs-lg-16 brz-ft-upload brz-ff-wzboxjsqgqhchaabqhhwkjnsysfnjiaknuki brz-tp-lg-empty brz-bcp-color8 brz-css-eMkrJ\" data-uniq-id=\"pKsh7\" data-generated-css=\"brz-css-bjpPS\"><span class=\"brz-cp-color8\">Una vez cumplimentada la solicitud, se puede entregar en formato papel en la secretar\u00eda del colegio o bien digitalmente.<\/span><\/li>\n<li class=\"brz-tp-lg-paragraph brz-bcp-color8 brz-css-wP6Oi\" data-uniq-id=\"n3I_0\" data-generated-css=\"brz-css-rVmav\"><span class=\"brz-cp-color8\">El horario de Secretar\u00eda para la recogida de solicitudes ser\u00e1: de lunes a jueves de 8:30 a 14:00 h. y de 15:30 a 16:30 h., viernes de 8:00 a 14:00 h.<\/span><\/li>\n<li class=\"brz-tp-lg-paragraph ql-indent-1 brz-bcp-color8 brz-css-bMJfv\" data-uniq-id=\"cKaLg\" data-generated-css=\"brz-css-iZ5CB\"><em class=\"brz-cp-color8\">Los d\u00edas 27, 30 y 31 de marzo y el 6 de abril, el horario ser\u00e1 de 10:00 h. a 14:00 h<\/em><span class=\"brz-cp-color8\">. <\/span><\/li>\n<\/ul>\n<p class=\"brz-tp-lg-paragraph brz-text-lg-justify brz-css-fMqon\" data-generated-css=\"brz-css-vo9i7\" data-uniq-id=\"tOHpH\"><span class=\"brz-cp-color8\"> <\/span><\/p>\n<p class=\"brz-tp-lg-paragraph brz-text-lg-justify brz-css-qxlvl\" data-generated-css=\"brz-css-cpiqk\" data-uniq-id=\"wXJwP\"><strong class=\"brz-cp-color3\">Normativa:<\/strong><\/p>\n<ul>\n<li class=\"brz-bcp-color8 brz-tp-lg-paragraph brz-text-lg-left brz-css-sbaAa\" data-generated-css=\"brz-css-mfv39\" data-uniq-id=\"hg5E7\"><strong class=\"brz-cp-color8\">Para Segundo Ciclo de Infantil, Primaria y Secundaria, m\u00e1s Informaci\u00f3n <\/strong><a class=\"link--external brz-cp-color3\" style=\"color: rgba(var(--brz-global-color3),1);\" href=\"https:\/\/www.educa.jcyl.es\/es\/admision-alumnado\/admision-centros-imparten-primer-ciclo-educacion-infantil\" data-brz-link-type=\"external\" target=\"_blank\"><strong>AQU\u00cd<\/strong><\/a><\/li>\n<li class=\"brz-fsft-lg-0 brz-fwdth-lg-100 brz-vfw-lg-400 brz-lh-lg-1_9 brz-ls-lg-0 brz-fw-lg-400 brz-fss-lg-px brz-fs-lg-16 brz-ft-upload brz-ff-wzboxjsqgqhchaabqhhwkjnsysfnjiaknuki brz-tp-lg-empty brz-bcp-color8 brz-text-lg-left brz-css-rypfH\" data-generated-css=\"brz-css-sa1fZ\" data-uniq-id=\"j4xFT\"><span class=\"brz-cp-color8 brz-span\" style=\"color: rgb(255, 255, 255);\"><strong>Para Primer Ciclo de Infantil, m\u00e1s informaci\u00f3n <\/strong><\/span><a class=\"brz-cp-color3 link--external brz-bold-true\" style=\"color: rgba(var(--brz-global-color3),1);\" href=\"https:\/\/www.educa.jcyl.es\/es\/admision-alumnado\/admision-centros-imparten-primer-ciclo-educacion-infantil\" data-brz-link-type=\"external\" target=\"_blank\"><strong>AQU\u00cd<\/strong><\/a><\/li>\n<\/ul>\n<p class=\"brz-text-lg-justify brz-tp-lg-paragraph brz-css-dAcqa\" data-generated-css=\"brz-css-o_Xrh\" data-uniq-id=\"rHaQ1\"><span class=\"brz-cp-color3\"> <\/span><\/p>\n<p class=\"brz-bcp-color3 brz-text-lg-justify brz-tp-lg-paragraph brz-css-qh8G7\" data-generated-css=\"brz-css-r6d6q\" data-uniq-id=\"wiGwn\"><strong class=\"brz-cp-color3\">Nuestros criterios complementarios de baremaci\u00f3n son:<\/strong><\/p>\n<ul>\n<li class=\"brz-tp-lg-paragraph brz-text-lg-justify brz-bcp-color3 brz-css-ik9gb\" data-generated-css=\"brz-css-bNBQp\" data-uniq-id=\"hYOJp\"><strong class=\"brz-cp-color3\">Primer ciclo de Educaci\u00f3n Infantil (0, 1 y 2 a\u00f1os):<\/strong><\/li>\n<li class=\"ql-indent-1 brz-tp-lg-paragraph brz-text-lg-left brz-bcp-color8 brz-css-f_pLv\" data-generated-css=\"brz-css-c5Jof\" data-uniq-id=\"qomsw\" style=\"color: rgb(255, 255, 255);\"><span class=\"brz-cp-color8\" style=\"color: rgb(255, 255, 255);\">Domicilio familiar del ni\u00f1o o ni\u00f1a o de sus abuelos o abuelas o del lugar de trabajo de alguno de los solicitantes, ubicado dentro del mismo c\u00f3digo postal de la Escuela Infantil <\/span><\/li>\n<li class=\"brz-tp-lg-paragraph brz-text-lg-justify brz-bcp-color3 brz-css-n_wOx\" data-generated-css=\"brz-css-p9JSr\" data-uniq-id=\"mKDMO\"><strong class=\"brz-cp-color3\">Segundo ciclo de Educaci\u00f3n Infantil, Primaria y Secundaria: <\/strong><\/li>\n<li class=\"brz-bcp-color8 brz-tp-lg-paragraph brz-text-lg-left ql-indent-1 brz-css-tCix6\" data-generated-css=\"brz-css-oarwC\" data-uniq-id=\"ogaye\"><span class=\"brz-cp-color8\">Ser familiar hasta primer grado de consanguinidad de un antiguo alumno o alumna del centro del que se solicita plaza&nbsp;<\/span><strong class=\"brz-cp-color8\">&nbsp;o,<\/strong><\/li>\n<li class=\"brz-bcp-color8 brz-tp-lg-paragraph brz-text-lg-left ql-indent-1 brz-css-adjwN\" data-generated-css=\"brz-css-gmcho\" data-uniq-id=\"jOr_m\"><span class=\"brz-cp-color8\">tener hermanos o hermanas menores no matriculados en el centro solicitado&nbsp;&nbsp;<\/span><strong class=\"brz-cp-color8\">o,<\/strong><\/li>\n<li class=\"brz-tp-lg-paragraph brz-text-lg-left ql-indent-1 brz-bcp-color8 brz-css-bBnT2\" data-generated-css=\"brz-css-oSQqI\" data-uniq-id=\"aTBeD\"><span class=\"brz-cp-color8\">acreditar un domicilio de progenitores\/tutores o abuelos o abuelas o laboral ubicado dentro del mismo c\u00f3digo postal del centro <\/span><\/li>\n<\/ul>\n<p class=\"brz-bcp-color3 brz-tp-lg-paragraph brz-text-lg-left brz-css-y2fKJ\" data-generated-css=\"brz-css-s78Te\" data-uniq-id=\"hLpUN\">*El requisito para acceder al criterio hay que presentar un documento que acredite dicha\/s circunstancia\/s.<\/p>\n<p class=\"brz-bcp-color3 brz-tp-lg-paragraph brz-text-lg-left brz-css-fV8ff\" data-generated-css=\"brz-css-blrTh\" data-uniq-id=\"aUYas\"><\/p>\n<\/div>\n<\/div>\n<\/div>\n<div class=\"brz-row__container brz-css-1erj74v\" data-brz-custom-id=\"bpswazcymjhqaaireogolgbmuxadfiuspomy\">\n<div class=\"brz-bg\"><\/div>\n<div class=\"brz-row brz-row--inner brz-css-pbroa7\">\n<div class=\"brz-columns brz-css-7k44ff brz-css-10y0b3f\" data-brz-custom-id=\"pgqpawctegbhdptstikgxkozeolimhtddplj\">\n<div class=\"brz-bg\">\n<div class=\"brz-bg-color\"><\/div>\n<\/div>\n<div class=\"brz-column__items brz-css-jhpt7v brz-css-1rdzsdg\">\n<div id=\"\" class=\"brz-css-1mcacz brz-wrapper\">\n<div class=\"brz-rich-text brz-rich-text__custom brz-css-1lbb7qk\" data-brz-custom-id=\"qeijzwjiswdqkovstbwajvgsizhxceqzeiqr\">\n<div data-brz-translate-text=\"1\">\n<p class=\"brz-tp-lg-paragraph brz-css-yTSKO\" data-generated-css=\"brz-css-p5nac\" data-uniq-id=\"ag8mI\"><strong class=\"brz-cp-color3\">Primer y Segundo ciclo de Infantil<\/strong><\/p>\n<p class=\"brz-tp-lg-paragraph brz-css-dBZdz\" data-generated-css=\"brz-css-s0vb3\" data-uniq-id=\"pzsar\"><strong class=\"brz-cp-color3\">Responsable<\/strong><span class=\"brz-cp-color8\">: <\/span><span class=\"brz-cp-color8\" style=\"color: rgb(255, 255, 255);\">D\u00f1a. M\u00aa Jos\u00e9 Guinaldo<\/span><\/p>\n<p class=\"brz-tp-lg-paragraph brz-css-qvFBo\" data-generated-css=\"brz-css-vw7Jr\" data-uniq-id=\"mjp46\"><strong class=\"brz-cp-color3\">Para m\u00e1s informaci\u00f3n:<\/strong><\/p>\n<p class=\"brz-ff-wzboxjsqgqhchaabqhhwkjnsysfnjiaknuki brz-ft-upload brz-fs-lg-16 brz-fss-lg-px brz-fw-lg-400 brz-ls-lg-m_0_5 brz-lh-lg-1_9 brz-tp-lg-empty brz-css-dPyeV\" data-generated-css=\"brz-css-gOy9H\" data-uniq-id=\"suFUC\"><strong class=\"brz-cp-color3\">Correo electr\u00f3nico<\/strong><strong class=\"brz-cp-color8\">:<\/strong><span class=\"brz-cp-color8\"> <\/span><a class=\"brz-cp-color8 link--external\" href=\"mailto:infantil@colegiolourdes.es\" data-brz-link-type=\"external\" target=\"_blank\">infantil@colegiolourdes.es<\/a><\/p>\n<p class=\"brz-tp-lg-paragraph brz-css-jQdgR\" data-uniq-id=\"wDTY6\" data-generated-css=\"brz-css-pPXxT\"><strong class=\"brz-cp-color3\">Tel\u00e9fono<\/strong><span class=\"brz-cp-color8\">: <\/span><a class=\"link--external brz-cp-color8\" href=\"tel:983334822\" data-brz-link-type=\"external\">983 334 822<\/a><\/p>\n<\/div>\n<\/div>\n<\/div>\n<\/div>\n<\/div>\n<div class=\"brz-columns brz-css-7k44ff brz-css-16gje4v\" data-brz-custom-id=\"zduyggxvlrfmgzghzujzbrwvvymjrtvhulqk\">\n<div class=\"brz-bg\"><\/div>\n<div class=\"brz-column__items brz-css-jhpt7v brz-css-mxkiru\">\n<div id=\"\" class=\"brz-css-1mcacz brz-wrapper\">\n<div class=\"brz-rich-text brz-rich-text__custom brz-css-1lbb7qk\" data-brz-custom-id=\"rgpkmqifpjxlpxwrxmofomtrlfpjtyhiwemd\">\n<div data-brz-translate-text=\"1\">\n<p class=\"brz-tp-lg-paragraph brz-css-j6n8Z\" data-generated-css=\"brz-css-xncOq\" data-uniq-id=\"ipTaL\"><strong class=\"brz-cp-color3\">Educaci\u00f3n Primaria<\/strong><\/p>\n<p class=\"brz-tp-lg-paragraph brz-css-c35wu\" data-generated-css=\"brz-css-td7WA\" data-uniq-id=\"ra6ok\"><strong class=\"brz-cp-color3\">Responsable<\/strong><span class=\"brz-cp-color8\">: D. Javier G\u00f3mez <\/span><\/p>\n<p class=\"brz-tp-lg-paragraph brz-css-k4671\" data-generated-css=\"brz-css-z6Ub0\" data-uniq-id=\"wiqnS\"><strong class=\"brz-cp-color3\">Para m\u00e1s informaci\u00f3n:<\/strong><\/p>\n<p class=\"brz-ff-wzboxjsqgqhchaabqhhwkjnsysfnjiaknuki brz-ft-upload brz-fs-lg-16 brz-fss-lg-px brz-fw-lg-400 brz-ls-lg-m_0_5 brz-lh-lg-1_9 brz-tp-lg-empty brz-css-oj_Xa\" data-generated-css=\"brz-css-dhMAF\" data-uniq-id=\"uckAU\"><strong class=\"brz-cp-color3\">Correo electr\u00f3nico<\/strong><strong class=\"brz-cp-color8\">:<\/strong><span class=\"brz-cp-color8\"> <\/span><a class=\"brz-cp-color8 link--external\" href=\"mailto:primaria@colegiolourdes.es\" data-brz-link-type=\"external\" target=\"_blank\">primaria@colegiolourdes.es<\/a><\/p>\n<p class=\"brz-tp-lg-paragraph brz-css-af1uh\" data-generated-css=\"brz-css-atrXL\" data-uniq-id=\"kqSZA\"><strong class=\"brz-cp-color3\">Tel\u00e9fono<\/strong><span class=\"brz-cp-color8\">: <\/span><a class=\"link--external brz-cp-color8\" href=\"tel:983334822\" data-brz-link-type=\"external\">983 334 822<\/a><\/p>\n<p class=\"brz-tp-lg-paragraph brz-css-ga5a2\" data-uniq-id=\"w2xWR\" data-generated-css=\"brz-css-e_xzV\"><\/p>\n<\/div>\n<\/div>\n<\/div>\n<\/div>\n<\/div>\n<div class=\"brz-columns brz-css-7k44ff brz-css-1xwwhxx\" data-brz-custom-id=\"sswucencjdlwykvoynoohxwlmjbpmluasaac\">\n<div class=\"brz-bg\"><\/div>\n<div class=\"brz-column__items brz-css-jhpt7v brz-css-18rdfzn\">\n<div id=\"\" class=\"brz-css-1mcacz brz-css-wxf0p2 brz-wrapper\">\n<div class=\"brz-rich-text brz-rich-text__custom brz-css-1lbb7qk\" data-brz-custom-id=\"aofszspatxnabigccoexbmdzjbwgrkkckayl\">\n<div data-brz-translate-text=\"1\">\n<p class=\"brz-tp-lg-paragraph brz-css-nkFZz\" data-uniq-id=\"a7SoB\" data-generated-css=\"brz-css-j6c67\"><strong class=\"brz-cp-color3\">Educaci\u00f3n Secundaria Obligatoria<\/strong><\/p>\n<p class=\"brz-tp-lg-paragraph brz-css-ryajU\" data-uniq-id=\"vXLnZ\" data-generated-css=\"brz-css-tp_4T\"><strong class=\"brz-cp-color3\">Responsable<\/strong><span class=\"brz-cp-color8\">: H. Jos\u00e9 Luis Ru\u00edz<\/span><\/p>\n<p class=\"brz-tp-lg-paragraph brz-css-qPLsA\" data-uniq-id=\"hk_Mq\" data-generated-css=\"brz-css-gleUw\"><strong class=\"brz-cp-color3\">Para m\u00e1s informaci\u00f3n:<\/strong><\/p>\n<p class=\"brz-lh-lg-1_9 brz-tp-lg-empty brz-ff-wzboxjsqgqhchaabqhhwkjnsysfnjiaknuki brz-ft-upload brz-fs-lg-16 brz-fss-lg-px brz-fw-lg-400 brz-ls-lg-m_1 brz-css-g9mLH\" data-uniq-id=\"dy8uv\" data-generated-css=\"brz-css-yByW4\"><strong class=\"brz-cp-color3\">Correo electr\u00f3nico<\/strong><strong class=\"brz-cp-color8\">:<\/strong><span class=\"brz-cp-color8\"> <\/span><a class=\"link--external brz-cp-color8\" href=\"mailto:secundaria@colegiolourdes.es\" data-brz-link-type=\"external\" target=\"_blank\">secundaria@colegiolourdes.es<\/a><\/p>\n<p class=\"brz-tp-lg-paragraph brz-css-ijMZH\" data-uniq-id=\"wqKGI\" data-generated-css=\"brz-css-yQKcH\"><strong class=\"brz-cp-color3\">Tel\u00e9fono<\/strong><span class=\"brz-cp-color8\">: <\/span><a class=\"link--external brz-cp-color8\" href=\"tel:983334822\" data-brz-link-type=\"external\">983 334 822<\/a><\/p>\n<p class=\"brz-tp-lg-paragraph brz-css-fiBmx\" data-generated-css=\"brz-css-uhPB2\" data-uniq-id=\"neOBx\"><\/p>\n<\/div>\n<\/div>\n<\/div>\n<\/div>\n<\/div>\n<\/div>\n<\/div>\n<\/div>\n<\/div>\n<\/div>\n<\/div>\n<div id=\"\" class=\"brz-css-1mcacz brz-css-e5cnyf brz-wrapper\">\n<div class=\"brz-spacer brz-css-neym9q\"><\/div>\n<\/div>\n<\/div>\n<\/div>\n<\/section>\n<section id=\"Contacto_Bachillerato\" class=\"brz-section brz-css-1dknfyd brz-css-i3ir6s\">\n<div class=\"brz-section__content brz-section--fullWidth brz-css-96ygxu brz-css-hr844x\" data-brz-custom-id=\"nfpiknzkjktvkdnvnsbjjpbhydhxamvhomji\">\n<div class=\"brz-bg\">\n<div class=\"brz-bg-color\"><\/div>\n<\/div>\n<div class=\"brz-container brz-css-r7skzh brz-css-mas8fa\">\n<div id=\"\" class=\"brz-css-1mcacz brz-wrapper\">\n<div class=\"brz-rich-text brz-rich-text__custom brz-css-1lbb7qk\" data-brz-custom-id=\"ugzlkjcqglpbyashlrwqzwgsubfqirnqndas\">\n<div data-brz-translate-text=\"1\">\n<p class=\"brz-tp-xs-empty brz-lh-xs-1_9 brz-ls-xs-0 brz-fw-xs-400 brz-fss-xs-px brz-fs-xs-22 brz-fss-lg-px brz-fw-lg-400 brz-ls-lg-0 brz-lh-lg-1_9 brz-tp-lg-empty brz-ff-wzboxjsqgqhchaabqhhwkjnsysfnjiaknuki brz-ft-upload brz-fs-lg-30 brz-text-lg-right brz-css-wDiTH\" data-generated-css=\"brz-css-dghcl\" data-uniq-id=\"eysdb\"><strong class=\"brz-cp-color1\">Bachillerato<\/strong><\/p>\n<\/div>\n<\/div>\n<\/div>\n<div id=\"\" class=\"brz-css-1mcacz brz-css-1h6142w brz-wrapper\">\n<div class=\"brz-line brz-line-default brz-css-1wbzs8b brz-css-1s8h3p3\" data-brz-custom-id=\"kjtudntuyiwcxzqhrybrdvsjmvcjkvhoulvt\">\n<hr class=\"brz-hr\"><\/div>\n<\/div>\n<div class=\"brz-row__container brz-css-1erj74v\" data-brz-custom-id=\"ozeefzvzbvqmaczslxzsvrvotrfknjabjcev\">\n<div class=\"brz-bg\"><\/div>\n<div class=\"brz-row brz-css-pbroa7 brz-css-gtcia2\">\n<div class=\"brz-columns brz-css-7k44ff brz-css-1zwuc3\" data-brz-custom-id=\"pyypnqzlvtwkntlofgyewtwklcyghxshmiir\">\n<div class=\"brz-bg\"><\/div>\n<div class=\"brz-column__items brz-css-jhpt7v\">\n<div id=\"\" class=\"brz-css-1mcacz brz-wrapper\">\n<div class=\"brz-rich-text brz-rich-text__custom brz-css-1lbb7qk\" data-brz-custom-id=\"gncqrsycaonlrgtplacwaocbvgetpcagqnuv\">\n<div data-brz-translate-text=\"1\">\n<p class=\"brz-tp-lg-paragraph brz-text-lg-center brz-css-yeUcE\" data-generated-css=\"brz-css-yypba\" data-uniq-id=\"hkbzg\"><strong class=\"brz-cp-color1\">Las solicitudes de inscripci\u00f3n est\u00e1n abiertas durante todo el a\u00f1o<\/strong><\/p>\n<\/div>\n<\/div>\n<\/div>\n<\/div>\n<\/div>\n<\/div>\n<\/div>\n<div class=\"brz-row__container brz-css-1erj74v brz-css-1ggkumw\" data-brz-custom-id=\"jvwechagfzpxzzygguvjbwamnirxbefrvmpr\">\n<div class=\"brz-bg\"><\/div>\n<div class=\"brz-row brz-css-pbroa7 brz-css-gtcia2\">\n<div class=\"brz-columns brz-css-7k44ff brz-css-128r8ko\" data-brz-custom-id=\"uxcztwdzvdxadwztnanbbkdozxrkbszrgipq\">\n<div class=\"brz-bg\"><\/div>\n<div class=\"brz-column__items brz-css-jhpt7v\">\n<div id=\"\" class=\"brz-css-1mcacz brz-css-s8jl3d brz-wrapper\">\n<div class=\"brz-image brz-css-ocsd47\" data-brz-custom-id=\"olmxenspfzqjqbegkhvxdzueqbqbdklguyfp\"><picture class=\"brz-picture brz-d-block brz-p-relative brz-css-2sbz7n\"><source srcset=\"https:\/\/colegiolourdes.es\/wp-content\/uploads\/brizy\/imgs\/Bachillerato-2-1122x728x0x291x1122x364x1616097885.png 1x, https:\/\/colegiolourdes.es\/wp-content\/uploads\/brizy\/imgs\/Bachillerato-2-2244x1456x0x582x2244x728x1616097885.png 2x\" media=\"(min-width: 992px)\"><source srcset=\"https:\/\/colegiolourdes.es\/wp-content\/uploads\/brizy\/imgs\/Bachillerato-2-435x282x0x0x431x282x1616097885.png 1x, https:\/\/colegiolourdes.es\/wp-content\/uploads\/brizy\/imgs\/Bachillerato-2-870x564x0x0x862x564x1616097885.png 2x\" media=\"(min-width: 768px)\"><img decoding=\"async\" class=\"brz-img\" srcset=\"https:\/\/colegiolourdes.es\/wp-content\/uploads\/brizy\/imgs\/Bachillerato-2-409x265x0x0x409x265x1616097885.png 1x, https:\/\/colegiolourdes.es\/wp-content\/uploads\/brizy\/imgs\/Bachillerato-2-818x530x0x0x818x530x1616097885.png 2x\" src=\"https:\/\/colegiolourdes.es\/wp-content\/uploads\/brizy\/imgs\/Bachillerato-2-1122x728x0x291x1122x364x1616097885.png\" alt=\"\" draggable=\"false\" loading=\"lazy\"><\/picture><\/div>\n<\/div>\n<\/div>\n<\/div>\n<div data-brz-iteration-count=\"1\" class=\"brz-columns brz-css-7k44ff brz-css-nnwuaq brz-animated brz-css-7y6rbs brz-css-1hbb60c\" data-brz-custom-id=\"hddipfojtsjcidlbuxjwzpomkhdlbwjjdjdx\">\n<div class=\"brz-bg\">\n<div class=\"brz-bg-color\"><\/div>\n<\/div>\n<div class=\"brz-column__items brz-css-jhpt7v brz-css-4pnsf8\">\n<div id=\"\" class=\"brz-css-1mcacz brz-css-42f05x brz-wrapper\">\n<div class=\"brz-rich-text brz-rich-text__custom brz-css-1lbb7qk\" data-brz-custom-id=\"jxzdrdgtxwepcsuclzjpbttstisssqibpkud\">\n<div data-brz-translate-text=\"1\">\n<p class=\"brz-tp-lg-empty brz-lh-lg-1 brz-ls-lg-0 brz-fw-lg-400 brz-fss-lg-px brz-fs-lg-24 brz-ft-upload brz-ff-wzboxjsqgqhchaabqhhwkjnsysfnjiaknuki brz-mt-lg-40 brz-text-lg-center brz-css-o4LGi\" data-generated-css=\"brz-css-yPlGx\" data-uniq-id=\"kfZaW\"><strong class=\"brz-cp-color3\">Bachillerato <\/strong><\/p>\n<p class=\"brz-text-lg-center brz-tp-lg-paragraph brz-css-sJjfp\" data-generated-css=\"brz-css-dhHDy\" data-uniq-id=\"l6SJm\"><strong class=\"brz-cp-color3\">Para m\u00e1s informaci\u00f3n:<\/strong><\/p>\n<p class=\"brz-lh-lg-1 brz-ls-lg-0 brz-fw-lg-400 brz-fss-lg-px brz-fs-lg-16 brz-ft-upload brz-ff-wzboxjsqgqhchaabqhhwkjnsysfnjiaknuki brz-tp-lg-empty brz-text-lg-center brz-css-t2oDg\" data-generated-css=\"brz-css-fnITl\" data-uniq-id=\"cXnM_\"><strong class=\"brz-cp-color3\"> <\/strong><\/p>\n<p class=\"brz-tp-lg-paragraph brz-text-lg-justify brz-css-hZ9pz\" data-generated-css=\"brz-css-nR4X1\" data-uniq-id=\"g3faq\"><strong class=\"brz-cp-color3\">Responsable<\/strong><span class=\"brz-cp-color8\">: D. Ignacio Asegurado<\/span><\/p>\n<p class=\"brz-tp-lg-paragraph brz-text-lg-justify brz-mt-lg-0 brz-css-ueAIq\" data-generated-css=\"brz-css-ezjmR\" data-uniq-id=\"dU7Qk\"><strong class=\"brz-cp-color3\">Para m\u00e1s informaci\u00f3n:<\/strong><strong class=\"brz-cp-color8\"> <\/strong><strong class=\"brz-cp-color3\"> <\/strong><\/p>\n<p class=\"brz-tp-lg-paragraph brz-mt-lg-0 brz-text-lg-left brz-css-qQFDR\" data-generated-css=\"brz-css-pO_kr\" data-uniq-id=\"fnA_Z\"><strong class=\"brz-cp-color3\">Correo electr\u00f3nico<\/strong><strong class=\"brz-cp-color8\">:<\/strong><span class=\"brz-cp-color8\"> <\/span><a class=\"link--external brz-cp-color8\" href=\"mailto:bachillerato@colegiolourdes.es\" data-brz-link-type=\"external\" target=\"_blank\">bachillerato@colegiolourdes.es<\/a><\/p>\n<p class=\"brz-text-lg-left brz-tp-lg-paragraph brz-css-ynVQH\" data-generated-css=\"brz-css-iMkyT\" data-uniq-id=\"uQyTp\"><strong class=\"brz-cp-color3\">Tel\u00e9fono<\/strong><span class=\"brz-cp-color8\">: <\/span><a class=\"link--external brz-cp-color8\" href=\"tel:983334822\" data-brz-link-type=\"external\">983 334 822<\/a><\/p>\n<\/div>\n<\/div>\n<\/div>\n<\/div>\n<\/div>\n<\/div>\n<\/div>\n<\/div>\n<\/div>\n<\/section>\n<\/div>\n<p>    <!-- version:1773508596 --><\/p>\n","protected":false},"excerpt":{"rendered":"<p>Admisiones 2026-2027 Etapas concertadas y subvencionadas Primer Ciclo de Infantil: 0, 1 y 2 a\u00f1os. Segundo Ciclo de Infantil: de 3 a 6 a\u00f1os. Educaci\u00f3n Primaria y Educaci\u00f3n Secundaria. Calendario de presentaci\u00f3n de solicitudes: Del 17 de marzo a las 9:00 h. al 8 de abril a las 14:00 h. estar\u00e1 abierto el periodo para&hellip; <a class=\"more-link\" href=\"https:\/\/colegiolourdes.es\/index.php\/admision-2026-27\/\">Seguir leyendo <span class=\"screen-reader-text\">Admisi\u00f3n 2026-27<\/span><\/a><\/p>\n","protected":false},"author":5,"featured_media":0,"parent":0,"menu_order":0,"comment_status":"closed","ping_status":"closed","template":"brizy-blank-template.php","meta":{"footnotes":""},"class_list":["post-78449","page","type-page","status-publish","hentry","entry"],"yoast_head":"<!-- This site is optimized with the Yoast SEO plugin v27.5 - https:\/\/yoast.com\/product\/yoast-seo-wordpress\/ -->\n<title>Admisi\u00f3n 2026-27 - Colegio Lourdes<\/title>\n<meta name=\"robots\" content=\"index, follow, max-snippet:-1, max-image-preview:large, max-video-preview:-1\" \/>\n<link rel=\"canonical\" href=\"https:\/\/colegiolourdes.es\/index.php\/admision-2026-27\/\" \/>\n<meta property=\"og:locale\" content=\"es_ES\" \/>\n<meta property=\"og:type\" content=\"article\" \/>\n<meta property=\"og:title\" content=\"Admisi\u00f3n 2026-27 - Colegio Lourdes\" \/>\n<meta property=\"og:description\" content=\"Admisiones 2026-2027 Etapas concertadas y subvencionadas Primer Ciclo de Infantil: 0, 1 y 2 a\u00f1os. Segundo Ciclo de Infantil: de 3 a 6 a\u00f1os. Educaci\u00f3n Primaria y Educaci\u00f3n Secundaria. Calendario de presentaci\u00f3n de solicitudes: Del 17 de marzo a las 9:00 h. al 8 de abril a las 14:00 h. estar\u00e1 abierto el periodo para&hellip; Seguir leyendo Admisi\u00f3n 2026-27\" \/>\n<meta property=\"og:url\" content=\"https:\/\/colegiolourdes.es\/index.php\/admision-2026-27\/\" \/>\n<meta property=\"og:site_name\" content=\"Colegio Lourdes\" \/>\n<meta property=\"article:publisher\" content=\"https:\/\/www.facebook.com\/colegiolourdesva\" \/>\n<meta property=\"article:modified_time\" content=\"2026-03-14T17:16:36+00:00\" \/>\n<meta property=\"og:image\" content=\"https:\/\/colegiolourdes.es\/wp-content\/uploads\/brizy\/imgs\/Bachillerato-2-1122x728x0x291x1122x364x1616097885.png\" \/>\n<meta name=\"twitter:card\" content=\"summary_large_image\" \/>\n<meta name=\"twitter:site\" content=\"@ColeLourdesVa\" \/>\n<meta name=\"twitter:label1\" content=\"Tiempo de lectura\" \/>\n\t<meta name=\"twitter:data1\" content=\"2 minutos\" \/>\n<script type=\"application\/ld+json\" class=\"yoast-schema-graph\">{\"@context\":\"https:\\\/\\\/schema.org\",\"@graph\":[{\"@type\":\"WebPage\",\"@id\":\"https:\\\/\\\/colegiolourdes.es\\\/index.php\\\/admision-2026-27\\\/\",\"url\":\"https:\\\/\\\/colegiolourdes.es\\\/index.php\\\/admision-2026-27\\\/\",\"name\":\"Admisi\u00f3n 2026-27 - Colegio Lourdes\",\"isPartOf\":{\"@id\":\"https:\\\/\\\/colegiolourdes.es\\\/#website\"},\"primaryImageOfPage\":{\"@id\":\"https:\\\/\\\/colegiolourdes.es\\\/index.php\\\/admision-2026-27\\\/#primaryimage\"},\"image\":{\"@id\":\"https:\\\/\\\/colegiolourdes.es\\\/index.php\\\/admision-2026-27\\\/#primaryimage\"},\"thumbnailUrl\":\"https:\\\/\\\/colegiolourdes.es\\\/wp-content\\\/uploads\\\/brizy\\\/imgs\\\/Bachillerato-2-1122x728x0x291x1122x364x1616097885.png\",\"datePublished\":\"2026-03-13T07:40:39+00:00\",\"dateModified\":\"2026-03-14T17:16:36+00:00\",\"inLanguage\":\"es\",\"potentialAction\":[{\"@type\":\"ReadAction\",\"target\":[\"https:\\\/\\\/colegiolourdes.es\\\/index.php\\\/admision-2026-27\\\/\"]}]},{\"@type\":\"ImageObject\",\"inLanguage\":\"es\",\"@id\":\"https:\\\/\\\/colegiolourdes.es\\\/index.php\\\/admision-2026-27\\\/#primaryimage\",\"url\":\"https:\\\/\\\/colegiolourdes.es\\\/wp-content\\\/uploads\\\/brizy\\\/imgs\\\/Bachillerato-2-1122x728x0x291x1122x364x1616097885.png\",\"contentUrl\":\"https:\\\/\\\/colegiolourdes.es\\\/wp-content\\\/uploads\\\/brizy\\\/imgs\\\/Bachillerato-2-1122x728x0x291x1122x364x1616097885.png\"},{\"@type\":\"WebSite\",\"@id\":\"https:\\\/\\\/colegiolourdes.es\\\/#website\",\"url\":\"https:\\\/\\\/colegiolourdes.es\\\/\",\"name\":\"Colegio Lourdes\",\"description\":\"Web del Colegio Nuestra Se\u00f1ora de Lourdes de Valladolid.\",\"publisher\":{\"@id\":\"https:\\\/\\\/colegiolourdes.es\\\/#organization\"},\"alternateName\":\"Colegio Nuestra Se\u00f1ora de Lourdes\",\"potentialAction\":[{\"@type\":\"SearchAction\",\"target\":{\"@type\":\"EntryPoint\",\"urlTemplate\":\"https:\\\/\\\/colegiolourdes.es\\\/?s={search_term_string}\"},\"query-input\":{\"@type\":\"PropertyValueSpecification\",\"valueRequired\":true,\"valueName\":\"search_term_string\"}}],\"inLanguage\":\"es\"},{\"@type\":\"Organization\",\"@id\":\"https:\\\/\\\/colegiolourdes.es\\\/#organization\",\"name\":\"Colegio Nuestra Se\u00f1ora de Lourdes\",\"alternateName\":\"Colegio Lourdes Valladolid\",\"url\":\"https:\\\/\\\/colegiolourdes.es\\\/\",\"logo\":{\"@type\":\"ImageObject\",\"inLanguage\":\"es\",\"@id\":\"https:\\\/\\\/colegiolourdes.es\\\/#\\\/schema\\\/logo\\\/image\\\/\",\"url\":\"https:\\\/\\\/colegiolourdes.es\\\/wp-content\\\/uploads\\\/2021\\\/11\\\/cropped-Escudo.png\",\"contentUrl\":\"https:\\\/\\\/colegiolourdes.es\\\/wp-content\\\/uploads\\\/2021\\\/11\\\/cropped-Escudo.png\",\"width\":85,\"height\":105,\"caption\":\"Colegio Nuestra Se\u00f1ora de Lourdes\"},\"image\":{\"@id\":\"https:\\\/\\\/colegiolourdes.es\\\/#\\\/schema\\\/logo\\\/image\\\/\"},\"sameAs\":[\"https:\\\/\\\/www.facebook.com\\\/colegiolourdesva\",\"https:\\\/\\\/x.com\\\/ColeLourdesVa\",\"https:\\\/\\\/www.instagram.com\\\/colegio_lourdes_valladolid\\\/\"]}]}<\/script>\n<!-- \/ Yoast SEO plugin. -->","yoast_head_json":{"title":"Admisi\u00f3n 2026-27 - Colegio Lourdes","robots":{"index":"index","follow":"follow","max-snippet":"max-snippet:-1","max-image-preview":"max-image-preview:large","max-video-preview":"max-video-preview:-1"},"canonical":"https:\/\/colegiolourdes.es\/index.php\/admision-2026-27\/","og_locale":"es_ES","og_type":"article","og_title":"Admisi\u00f3n 2026-27 - Colegio Lourdes","og_description":"Admisiones 2026-2027 Etapas concertadas y subvencionadas Primer Ciclo de Infantil: 0, 1 y 2 a\u00f1os. Segundo Ciclo de Infantil: de 3 a 6 a\u00f1os. Educaci\u00f3n Primaria y Educaci\u00f3n Secundaria. Calendario de presentaci\u00f3n de solicitudes: Del 17 de marzo a las 9:00 h. al 8 de abril a las 14:00 h. estar\u00e1 abierto el periodo para&hellip; Seguir leyendo Admisi\u00f3n 2026-27","og_url":"https:\/\/colegiolourdes.es\/index.php\/admision-2026-27\/","og_site_name":"Colegio Lourdes","article_publisher":"https:\/\/www.facebook.com\/colegiolourdesva","article_modified_time":"2026-03-14T17:16:36+00:00","og_image":[{"url":"https:\/\/colegiolourdes.es\/wp-content\/uploads\/brizy\/imgs\/Bachillerato-2-1122x728x0x291x1122x364x1616097885.png","type":"","width":"","height":""}],"twitter_card":"summary_large_image","twitter_site":"@ColeLourdesVa","twitter_misc":{"Tiempo de lectura":"2 minutos"},"schema":{"@context":"https:\/\/schema.org","@graph":[{"@type":"WebPage","@id":"https:\/\/colegiolourdes.es\/index.php\/admision-2026-27\/","url":"https:\/\/colegiolourdes.es\/index.php\/admision-2026-27\/","name":"Admisi\u00f3n 2026-27 - Colegio Lourdes","isPartOf":{"@id":"https:\/\/colegiolourdes.es\/#website"},"primaryImageOfPage":{"@id":"https:\/\/colegiolourdes.es\/index.php\/admision-2026-27\/#primaryimage"},"image":{"@id":"https:\/\/colegiolourdes.es\/index.php\/admision-2026-27\/#primaryimage"},"thumbnailUrl":"https:\/\/colegiolourdes.es\/wp-content\/uploads\/brizy\/imgs\/Bachillerato-2-1122x728x0x291x1122x364x1616097885.png","datePublished":"2026-03-13T07:40:39+00:00","dateModified":"2026-03-14T17:16:36+00:00","inLanguage":"es","potentialAction":[{"@type":"ReadAction","target":["https:\/\/colegiolourdes.es\/index.php\/admision-2026-27\/"]}]},{"@type":"ImageObject","inLanguage":"es","@id":"https:\/\/colegiolourdes.es\/index.php\/admision-2026-27\/#primaryimage","url":"https:\/\/colegiolourdes.es\/wp-content\/uploads\/brizy\/imgs\/Bachillerato-2-1122x728x0x291x1122x364x1616097885.png","contentUrl":"https:\/\/colegiolourdes.es\/wp-content\/uploads\/brizy\/imgs\/Bachillerato-2-1122x728x0x291x1122x364x1616097885.png"},{"@type":"WebSite","@id":"https:\/\/colegiolourdes.es\/#website","url":"https:\/\/colegiolourdes.es\/","name":"Colegio Lourdes","description":"Web del Colegio Nuestra Se\u00f1ora de Lourdes de Valladolid.","publisher":{"@id":"https:\/\/colegiolourdes.es\/#organization"},"alternateName":"Colegio Nuestra Se\u00f1ora de Lourdes","potentialAction":[{"@type":"SearchAction","target":{"@type":"EntryPoint","urlTemplate":"https:\/\/colegiolourdes.es\/?s={search_term_string}"},"query-input":{"@type":"PropertyValueSpecification","valueRequired":true,"valueName":"search_term_string"}}],"inLanguage":"es"},{"@type":"Organization","@id":"https:\/\/colegiolourdes.es\/#organization","name":"Colegio Nuestra Se\u00f1ora de Lourdes","alternateName":"Colegio Lourdes Valladolid","url":"https:\/\/colegiolourdes.es\/","logo":{"@type":"ImageObject","inLanguage":"es","@id":"https:\/\/colegiolourdes.es\/#\/schema\/logo\/image\/","url":"https:\/\/colegiolourdes.es\/wp-content\/uploads\/2021\/11\/cropped-Escudo.png","contentUrl":"https:\/\/colegiolourdes.es\/wp-content\/uploads\/2021\/11\/cropped-Escudo.png","width":85,"height":105,"caption":"Colegio Nuestra Se\u00f1ora de Lourdes"},"image":{"@id":"https:\/\/colegiolourdes.es\/#\/schema\/logo\/image\/"},"sameAs":["https:\/\/www.facebook.com\/colegiolourdesva","https:\/\/x.com\/ColeLourdesVa","https:\/\/www.instagram.com\/colegio_lourdes_valladolid\/"]}]}},"_links":{"self":[{"href":"https:\/\/colegiolourdes.es\/index.php\/wp-json\/wp\/v2\/pages\/78449","targetHints":{"allow":["GET"]}}],"collection":[{"href":"https:\/\/colegiolourdes.es\/index.php\/wp-json\/wp\/v2\/pages"}],"about":[{"href":"https:\/\/colegiolourdes.es\/index.php\/wp-json\/wp\/v2\/types\/page"}],"author":[{"embeddable":true,"href":"https:\/\/colegiolourdes.es\/index.php\/wp-json\/wp\/v2\/users\/5"}],"replies":[{"embeddable":true,"href":"https:\/\/colegiolourdes.es\/index.php\/wp-json\/wp\/v2\/comments?post=78449"}],"version-history":[{"count":14,"href":"https:\/\/colegiolourdes.es\/index.php\/wp-json\/wp\/v2\/pages\/78449\/revisions"}],"predecessor-version":[{"id":78474,"href":"https:\/\/colegiolourdes.es\/index.php\/wp-json\/wp\/v2\/pages\/78449\/revisions\/78474"}],"wp:attachment":[{"href":"https:\/\/colegiolourdes.es\/index.php\/wp-json\/wp\/v2\/media?parent=78449"}],"curies":[{"name":"wp","href":"https:\/\/api.w.org\/{rel}","templated":true}]}}